{"id":2,"date":"2007-08-09T14:19:30","date_gmt":"2007-08-09T12:19:30","guid":{"rendered":""},"modified":"2011-11-07T11:12:33","modified_gmt":"2011-11-07T09:12:33","slug":"om","status":"publish","type":"page","link":"http:\/\/www.husaro.se\/hsf\/om\/","title":{"rendered":"Om HSF"},"content":{"rendered":"<p>Husar\u00f6 Samf\u00e4llighetsf\u00f6rening bildades 1991 genom Lantm\u00e4teriets f\u00f6rsorg.<\/p>\n<p><strong>Varf\u00f6r bildades f\u00f6reningen?<\/strong><\/p>\n<p>Man m\u00e5ste g\u00e5 tillbaks till f\u00f6re 60-talet f\u00f6r att f\u00f6rst\u00e5 sk\u00e4let. Vid den tiden bestod Husar\u00f6 av ett antal stamfastigheter, vilka \u00e4gde gemensamt samf\u00e4llda marker, som v\u00e4gar, strandremsor f\u00f6r b\u00e5tuppdrag, etc. Det forum som hanterade fr\u00e5gor r\u00f6rande dessa marker var Husar\u00f6 Byalag med byr\u00e5det, som verkst\u00e4llande organ och byst\u00e4mman som ytterst beslutande instans. I vissa fr\u00e5gor fanns vetor\u00e4tt. Medlem var man om man var del\u00e4gare av samf\u00e4lld mark.<\/p>\n<p>Under 60-talet styckades en av stamfastigheterna upp i tomter och gr\u00f6nomr\u00e5den. Nuvarande Tomt\u00e4garef\u00f6reningen bildades. Byalaget, som enda forum p\u00e5 Husar\u00f6, som hanterade \u00f6ns fr\u00e5gor, samlade snart \u00e4ven andra \u00f6bor \u00e4n stamfastighets\u00e4garna. Byalaget blev mer och mer en intresseorganisation, som diskuterade alla slags fr\u00e5gor som r\u00f6rde Husar\u00f6. Byst\u00e4mman tog beslut i m\u00e5nga olika fr\u00e5gor. Ibland tog man \u00e4ven beslut i fr\u00e5gor som r\u00f6rde de gemensamma markerna. Detta trots att s\u00e5dana beslut juridiskt endast kunde tas av dom som var \u00e4gare av marken.<\/p>\n<p>Under 80-talet tillkom en lag som m\u00f6jliggjorde att f\u00f6rvaltningen av gemensamma marker kunde ordnas i f\u00f6reningsform. Det r\u00e4ckte om en del\u00e4gare ans\u00f6kte om det f\u00f6r att en f\u00f6reningen skulle bildas.<\/p>\n<p>F\u00f6r att kunna sortera ut de fr\u00e5gor i byst\u00e4mmans agenda, som r\u00f6rde de samf\u00e4llda markerna, ans\u00f6kte undertecknad hos Lantm\u00e4teriet \u00e5r 1990 att en f\u00f6rening skulle bildas f\u00f6r f\u00f6rvaltning av de samf\u00e4llda markerna S:1 (omr\u00e5det runt aff\u00e4ren, bystugan och bryggplanen), S:3 (ett markomr\u00e5de p\u00e5 S\u00e4rs\u00f6) och S:5 (strandremsa l\u00e4ngs s\u00f6dra sidan av inloppet till Kastet).<\/p>\n<p>Antalet del\u00e4gare, n\u00e4r f\u00f6reningen tillkom, var 19 st.<\/p>\n<p>\u00c5r 2006 bildades gemensamhetsanl\u00e4ggningen Ga:6 att hantera fr\u00e5gor r\u00f6rande \u00e5ngb\u00e5tsbryggan och bryggplan. Samma \u00e5r integrerades Ga:6 och S:2 (vissa v\u00e4gar p\u00e5 Husar\u00f6) i Husar\u00f6 Samf\u00e4llighetsf\u00f6rening.<\/p>\n<p>Antalet medlemmar i f\u00f6reningen \u00f6kade nu till ca 180 st.<\/p>\n<p>F\u00f6reningens enda \u00e4ndam\u00e5l \u00e4r att f\u00f6rvalta de samf\u00e4llda markerna. Del\u00e4garna v\u00e4ljer styrelse. F\u00f6reningens st\u00e4mma \u00e4r beslutande instans. Det finns ingen vetor\u00e4tt i n\u00e5gon fr\u00e5ga.<\/p>\n<p>I b\u00f6rjan av 2000-talet uppl\u00f6stes Husar\u00f6 Byalag. Fr\u00e5gor, som Byalaget tidigare hanterade, har sedan uppl\u00f6sningen antingen l\u00f6sts av n\u00e5gon enskild eller i n\u00e5gon av de kvarvarande f\u00f6reningarna p\u00e5 \u00f6n.<\/p>\n<p><strong>Fem verksamhetsgrenar<br \/>\n<\/strong><br \/>\n<img loading=\"lazy\" decoding=\"async\" title=\"Karta\" src=\"http:\/\/husaro.se\/hsf\/bilder\/karta1.jpg\" alt=\"Karta\" width=\"351\" height=\"357\" align=\"left\" border=\"1\" hspace=\"5\" vspace=\"2\" \/>F\u00f6reningen best\u00e5r av fem verksamhetsgrenar kallade S:1, S:2, S:3, S:5 och GA:6. Dessa verksamhetsgrenar leds av samma styrelse.<\/p>\n<p>Kortfattat kan man s\u00e4ga att de grenar som b\u00f6rjar p\u00e5 S: best\u00e5r av \u00f6ns stamfastighets\u00e4gare med lite olika \u00e4garandelar.<\/p>\n<p>Den gren som heter <strong>GA:6<\/strong> best\u00e5r av alla de fastighets\u00e4gare som finns p\u00e5 Husar\u00f6 med omnejd.<\/p>\n<p><strong>S:1<\/strong> best\u00e5r av markomr\u00e5det runt om v\u00e4nthuset och str\u00e4cker sig f\u00f6rbi telestationen. P\u00e5 S:1 hyrs vissa delar ut till aff\u00e4r, Agnesberg, telestation och bystuga. \u00d6ster om aff\u00e4ren ligger dessutom det allm\u00e4nna b\u00e5tuppdraget p\u00e5 S:1<\/p>\n<p><strong>S:2<\/strong> best\u00e5r av markomr\u00e5det som de samf\u00e4llda v\u00e4garna \u00e4r placerade p\u00e5.<\/p>\n<p><strong>S:3<\/strong> best\u00e5r av ca. 1000 m2 mark p\u00e5 S\u00e4rs\u00f6 som arrenderas ut till Melldahl.<\/p>\n<p><strong>S:5<\/strong> best\u00e5r av ett strand- och markomr\u00e5de som anv\u00e4nds till b\u00e5tuppdrag placerad vid kastet.<\/p>\n<p><strong>GA:6<\/strong> best\u00e5r av omr\u00e5det med \u00e5ngb\u00e5tsbrygga och v\u00e4ndplan.<\/p>\n","protected":false},"excerpt":{"rendered":"<p>Husar\u00f6 Samf\u00e4llighetsf\u00f6rening bildades 1991 genom Lantm\u00e4teriets f\u00f6rsorg. Varf\u00f6r bildades f\u00f6reningen? Man m\u00e5ste g\u00e5 tillbaks till f\u00f6re 60-talet f\u00f6r att f\u00f6rst\u00e5 sk\u00e4let. Vid den tiden bestod Husar\u00f6 av ett antal stamfastigheter, vilka \u00e4gde gemensamt samf\u00e4llda marker, som v\u00e4gar, strandremsor f\u00f6r b\u00e5tuppdrag, etc. Det forum som hanterade fr\u00e5gor r\u00f6rande dessa marker var &hellip;<\/p>\n","protected":false},"author":1,"featured_media":0,"parent":0,"menu_order":0,"comment_status":"closed","ping_status":"open","template":"page_no_sidebar.php","meta":{"jetpack_post_was_ever_published":false,"footnotes":""},"class_list":["post-2","page","type-page","status-publish","hentry"],"jetpack_shortlink":"https:\/\/wp.me\/P1rxml-2","jetpack_sharing_enabled":true,"_links":{"self":[{"href":"http:\/\/www.husaro.se\/hsf\/wp-json\/wp\/v2\/pages\/2","targetHints":{"allow":["GET"]}}],"collection":[{"href":"http:\/\/www.husaro.se\/hsf\/wp-json\/wp\/v2\/pages"}],"about":[{"href":"http:\/\/www.husaro.se\/hsf\/wp-json\/wp\/v2\/types\/page"}],"author":[{"embeddable":true,"href":"http:\/\/www.husaro.se\/hsf\/wp-json\/wp\/v2\/users\/1"}],"replies":[{"embeddable":true,"href":"http:\/\/www.husaro.se\/hsf\/wp-json\/wp\/v2\/comments?post=2"}],"version-history":[{"count":0,"href":"http:\/\/www.husaro.se\/hsf\/wp-json\/wp\/v2\/pages\/2\/revisions"}],"wp:attachment":[{"href":"http:\/\/www.husaro.se\/hsf\/wp-json\/wp\/v2\/media?parent=2"}],"curies":[{"name":"wp","href":"https:\/\/api.w.org\/{rel}","templated":true}]}}